{"id":3929,"date":"2024-02-02T13:41:15","date_gmt":"2024-02-02T11:41:15","guid":{"rendered":"https:\/\/www.katyhdistys.fi\/?post_type=intranet&#038;p=3929"},"modified":"2024-08-05T13:43:02","modified_gmt":"2024-08-05T11:43:02","slug":"jasenkirje-1-2-2024","status":"publish","type":"intranet","link":"https:\/\/www.katyhdistys.fi\/en\/intranet\/jasenkirje-1-2-2024\/","title":{"rendered":"J\u00e4senkirje 1.2.2024"},"content":{"rendered":"\n<p><strong><br><\/strong><strong>Koulutus KAT-kouluttajapsykoterapeuteille ja kouluttajapsykoterapeuttiuudesta kiinnostuneille<\/strong><br><br>Aihe: Psykoterapeuttinen ty\u00f6skentely kroonisen h\u00e4pe\u00e4n kanssa<br>Kouluttaja: Patricia de Young, relationaalinen ja integratiivinen psykoterapeutti, Kanada, Toronto<br>Ajankohta: pe 5.4.2024 klo 15 alkaen, De Youngin luento klo 16\u201317.30<br><br>Hei KAT-kouluttajapsykoterapeutit ja kouluttajapsykoterapeuttiuudesta kiinnostuneet!<br><br>KAT-yhdistys haluaa tukea ja vahvistaa kouluttajiensa yhteis\u00f6\u00e4 ja j\u00e4rjest\u00e4\u00e4 siksi nykyisille ja<br>mahdollisille tuleville KAT-kouluttajapsykoterapeuteille r\u00e4\u00e4t\u00e4l\u00f6idyn koulutuksen, jonka aiheena on<br>relationaalinen ty\u00f6ote kroonisen h\u00e4pe\u00e4n kanssa.<br><br>Koulutuksen pit\u00e4\u00e4 Patricia de Young, joka puhuu meille Torontosta k\u00e4sin.\u00a0De Young on kirjoittanut<br>kirjan \u201dUnderstanding and treating chronic shame.\u00a0Healing right brain relational trauma\u201d. H\u00e4nen<br>n\u00e4k\u00f6kulmaansa sis\u00e4ltyy KAT-terapeuteille tutut ideat: varhaiset objektisuhteet, suhteessa<br>oleminen ja sen neuropsykobiologisuus sek\u00e4 sanattoman ilmaisun havainnointi ja hy\u00f6dynt\u00e4minen.<br><br>De Young kirjoittaa lukijayst\u00e4v\u00e4llisesti ja laaja-alaisen tarkkan\u00e4k\u00f6isesti haastavasta ja<br>psykoterapiassa hyvin keskeisest\u00e4 ilmi\u00f6st\u00e4, varhaisesta ja kroonistuneesta h\u00e4pe\u00e4n kokemuksesta,<br>joka saa vaihtelevia ilmenemismuotoja psykoterapeuttisessa ty\u00f6skentelyss\u00e4. Koulutuksessa h\u00e4n<br>kertoo ajattelustaan ja sen kehittymisest\u00e4 meille ja on toivonut keskustelua \u2013 tavoitteena on siis<br>vapaamuotoinen tilaisuus, jonka teht\u00e4v\u00e4 on viritt\u00e4\u00e4 ajattelua ja k\u00e4yd\u00e4 dialogia.<br><br>Koulutus on KAT-terapeuteille maksuton. De Young osallistuu et\u00e4n\u00e4 Zoomin v\u00e4lityksell\u00e4.<br>Toivomme, ett\u00e4 p\u00e4\u00e4kaupunkiseudulla olevat osallistujat tulevat paikan p\u00e4\u00e4lle Shortumin tiloihin<br>(os. Business Park Spektri, Pilotti-talo, Mets\u00e4nneidonkuja 4, 02130 Espoo). Osallistujilla, joilla on<br>pitk\u00e4 matka p\u00e4\u00e4kaupunkiseudulle, on mahdollisuus osallistua Zoomin v\u00e4lityksell\u00e4.<br><br>Aloitamme kotimaisin voimin tuntia ennen De Youngin luentoa klo 15, jolloin Leena Ehrling<br>esittelee lyhyesti De Youngin n\u00e4k\u00f6kulman krooniseen h\u00e4pe\u00e4\u00e4n ja pohtii sen suhdetta KAT-ideoihin<br>ja muihin viitekehyksiin.<br><br>Paikan p\u00e4\u00e4ll\u00e4 on tarjolla pient\u00e4 purtavaa ja virvokkeita. Toivomme ilmoittautumisia osoitteeseen<br>(<a href=\"mailto:sihteeri@katyhdistys.fi\" target=\"_blank\" rel=\"noreferrer noopener\">sihteeri@katyhdistys.fi<\/a>) 20.2.2024 menness\u00e4. Kerrothan ilmoittautuessasi tuletko paikan p\u00e4\u00e4lle<br>vai oletko et\u00e4n\u00e4, sek\u00e4 mahdolliset ruoka-ainerajoitteet.<br><br><br>L\u00e4mpim\u00e4sti tervetuloa!<br><br>Terveisin yhdistyksen koulutusvaliokunta<br><br>Patricia De Youngin kotisivut l\u00f6ytyv\u00e4t osoitteesta\u00a0<a href=\"https:\/\/mandrillapp.com\/track\/click\/30726972\/www.patdeyoung.com.?p=eyJzIjoiUGpiQXdoMXpTOFlsaEUyQ05KeVMwLXJEcDJZIiwidiI6MSwicCI6IntcInVcIjozMDcyNjk3MixcInZcIjoxLFwidXJsXCI6XCJodHRwczpcXFwvXFxcL3d3dy5wYXRkZXlvdW5nLmNvbS5cIixcImlkXCI6XCJjYWU0M2UyMzJiN2I0ZDkyOWRmMzA2MTk3YWMwMjU2MlwiLFwidXJsX2lkc1wiOltcIjc5ZDJhYjQzZjBjZTFhMGRhYjBlNjM5ZjEyODhlNTY3NzhlMDc0MWVcIl19In0\" target=\"_blank\" rel=\"noreferrer noopener\">https:\/\/www.patdeyoung.com.<\/a>Kirjan voi ostaa<br>ainakin nettikirjakaupoista.<\/p>\n","protected":false},"featured_media":0,"comment_status":"open","ping_status":"closed","template":"","intranet_category":[],"class_list":["post-3929","intranet","type-intranet","status-publish","hentry"],"acf":[],"_links":{"self":[{"href":"https:\/\/www.katyhdistys.fi\/en\/wp-json\/wp\/v2\/intranet\/3929","targetHints":{"allow":["GET"]}}],"collection":[{"href":"https:\/\/www.katyhdistys.fi\/en\/wp-json\/wp\/v2\/intranet"}],"about":[{"href":"https:\/\/www.katyhdistys.fi\/en\/wp-json\/wp\/v2\/types\/intranet"}],"replies":[{"embeddable":true,"href":"https:\/\/www.katyhdistys.fi\/en\/wp-json\/wp\/v2\/comments?post=3929"}],"version-history":[{"count":1,"href":"https:\/\/www.katyhdistys.fi\/en\/wp-json\/wp\/v2\/intranet\/3929\/revisions"}],"predecessor-version":[{"id":3930,"href":"https:\/\/www.katyhdistys.fi\/en\/wp-json\/wp\/v2\/intranet\/3929\/revisions\/3930"}],"wp:attachment":[{"href":"https:\/\/www.katyhdistys.fi\/en\/wp-json\/wp\/v2\/media?parent=3929"}],"wp:term":[{"taxonomy":"intranet_category","embeddable":true,"href":"https:\/\/www.katyhdistys.fi\/en\/wp-json\/wp\/v2\/intranet_category?post=3929"}],"curies":[{"name":"wp","href":"https:\/\/api.w.org\/{rel}","templated":true}]}}