{"id":3914,"date":"2024-08-05T13:22:20","date_gmt":"2024-08-05T11:22:20","guid":{"rendered":"https:\/\/www.katyhdistys.fi\/?post_type=intranet&#038;p=3914"},"modified":"2024-08-05T13:28:19","modified_gmt":"2024-08-05T11:28:19","slug":"jasenkirje-1-7-2024","status":"publish","type":"intranet","link":"https:\/\/www.katyhdistys.fi\/en\/intranet\/jasenkirje-1-7-2024\/","title":{"rendered":"J\u00e4senkirje 1.7.2024"},"content":{"rendered":"\n<p><\/p>\n\n\n\n<p><strong>KAT-yhdistyksen kes\u00e4n j\u00e4senkirje.<\/strong> <br><br>Moni yhdistyksen j\u00e4sen onkin jo aloittanut kes\u00e4loman ja my\u00f6s KAT-yhdistyksen johtokunta laskeutuu hiljakseen lomalle. T\u00e4ss\u00e4 tiedotteessa ennakkotietoa syksyn ohjelmasta sek\u00e4 kes\u00e4kuussa 2025 j\u00e4rjestett\u00e4v\u00e4st\u00e4 Kokonaisia kohtaamisia \u2013 keho psykoterapioissa ja taideterapioissa -kongressista.<br><br>KAT-yhdistyksen johtokunta kokoontuu seuraavan kerran 21.8. 2024. Kokouksessa suunnittelemme syksyn 2024 webinaarien ohjelmaa.\u00a0<br><br>Alustavasti suunnitelmassa on toteuttaa syksyll\u00e4 webinaarit syys- ja lokakuussa. Ehdotuksia kiinnostavista webinaarien aiheista ja luennoitsijoista otetaan vastaan:\u00a0<a href=\"mailto:sihteeri@katyhdistys.fi\" target=\"_blank\" rel=\"noreferrer noopener\">sihteeri@katyhdistys.fi<\/a><br><br>KAT-yhdistys tukee paikallisia pikkujoulutapaamisia. J\u00e4senten on mahdollisuus osallistua my\u00f6s KOM-teatterin esitykseen Seitsem\u00e4n tarinaa h\u00e4pe\u00e4st\u00e4 Helsingiss\u00e4 13.12.2024. Pikkujouluttapahtumista lis\u00e4tietoa syksyn j\u00e4senkirjeess\u00e4.<br><br>KAT-n\u00e4k\u00f6kulmaa tuodaan asiantuntevasti esiin kes\u00e4kuussa 2025 j\u00e4rjestett\u00e4v\u00e4ss\u00e4 Kokonaisia kohtaamisia \u2013 keho psykoterapioissa ja taideterapioissa -kongressissa. Alla abstraktikutsu. Ehdotuksia pyydet\u00e4\u00e4n kolmessa kategoriassa: kliinist\u00e4 k\u00e4yt\u00e4nt\u00f6\u00e4 kuvaavat, kokemukselliset tai tieteelliset. Toivomme KAT ry:n j\u00e4senilt\u00e4 runsaasti ehdotuksia!<br><br>Laittakaa ajatukset hautumaan kes\u00e4lomien yli &#8211; ehdotuksen ehtii j\u00e4tt\u00e4\u00e4 viel\u00e4 alkusyksyst\u00e4!<br><br>KAT ry:n johtokunta Toivottaa koko j\u00e4senist\u00f6lle ihanaa kes\u00e4\u00e4!<br><br>KAY ry:n johtokunta: Mirka Lammi, Mirka Torpo, Juha Savolainen, Jouni Aavaluoma, Nina Leikas, Kai P\u00e4til\u00e4, Helena L\u00f6nnfors, sek\u00e4 varaj\u00e4senet Katri Kanninen ja Mikko R\u00e4s\u00e4nen.<br><br><br><br>ABSTRAKTIKUTSU<br><br>Kokonaisia kohtaamisia \u2013 keho psykoterapioissa ja taideterapioissa -kongressi j\u00e4rjestet\u00e4\u00e4n Turussa ensi vuonna, 12.-14.6.2025. Kongressi toteutetaan useiden yhdistysten yhteisty\u00f6n\u00e4, tuoden yhteen erilaiset viitekehykset ja n\u00e4k\u00f6kulmat kehollisuudesta terapioissa.<br><br>Kutsumme tarjoamaan moninaisia kongressin p\u00e4\u00e4teemaan liittyvi\u00e4 esityksi\u00e4. Ehdotuksia pyydet\u00e4\u00e4n kolmessa kategoriassa: kliinist\u00e4 k\u00e4yt\u00e4nt\u00f6\u00e4 kuvaavat, kokemukselliset tai tieteelliset.\u00a0<br><br>Voit tarjota<br>&#8211; yksitt\u00e4ist\u00e4 puheenvuoroa (20+10 min keskustelu),<br>&#8211; kokonaista temaattista sessiota (90 min, sis. 2-3 esityst\u00e4)<br>&#8211; ty\u00f6pajaa (90 min)<br>&#8211; paneelia (90 min, joka sis\u00e4lt\u00e4\u00e4 useita lyhyit\u00e4 esityksi\u00e4 ja v\u00e4hint\u00e4\u00e4n 30 min keskustelua).<br>Lis\u00e4ksi kutsumme -posteriehdotuksia kaikkiin kategorioihin.<br><br>Kokonaisia kohtaamisia -teemaan liittyen toivomme erityisesti ehdotuksia sessioista, joissa tarkastellaan kehollisuuteen ja psyykkiseen ty\u00f6skentelyyn liittyvi\u00e4 ilmi\u00f6t\u00e4 monialaisesti eri terapiaty\u00f6tapojen rajapinnoilla. Yksitt\u00e4isess\u00e4 sessiossa (90 min) on my\u00f6s mahdollista yhdist\u00e4\u00e4 esityksi\u00e4 kolmesta eri kategoriasta (k\u00e4yt\u00e4nt\u00f6, kokemuksellinen, tieteellinen). Toivomme kongressin avaavan uusia yhteyksi\u00e4 eri viitekehysten toimijoiden v\u00e4lille ja rikastavan ymm\u00e4rryst\u00e4 terapeuttisten prosessien ruumiillisista ulottuvuuksista.<br><br>Enint\u00e4\u00e4n yhden sivun mittaisten abstraktien viimeinen vastaanottop\u00e4iv\u00e4 on 15.10.2024.<br><br>Abstraktit toimitetaan s\u00e4hk\u00f6postin liitetiedostona osoitteella\u00a0<a href=\"mailto:kokonaisiakohtaamisia@turunkesayliopisto.fi\" target=\"_blank\" rel=\"noreferrer noopener\">kokonaisiakohtaamisia@turunkesayliopisto.fi<\/a>\u00a0ja niiden hyv\u00e4ksymisest\u00e4 ilmoitetaan 15.1.2025 menness\u00e4.<br>Abstraktin kirjoitusohjeet ja tarkemmat tiedot l\u00f6ytyv\u00e4t linkist\u00e4:<br><a href=\"https:\/\/mandrillapp.com\/track\/click\/30726972\/turunkesayliopisto.fi?p=eyJzIjoiSThGQ1lxQUdneVBSclZJM3pxQXQycGxNZTdvIiwidiI6MSwicCI6IntcInVcIjozMDcyNjk3MixcInZcIjoxLFwidXJsXCI6XCJodHRwczpcXFwvXFxcL3R1cnVua2VzYXlsaW9waXN0by5maVxcXC93cC1jb250ZW50XFxcL3VwbG9hZHNcXFwvMjAyNFxcXC8wNVxcXC9Lb2tvbmFpc2lhMjAyNV9BYnN0cmFrdGlrdXRzdS0xLnBkZlwiLFwiaWRcIjpcIjQzMzUwZjI2OWFlOTRkOWRiZjAwZDk0NzczZWRiMTkzXCIsXCJ1cmxfaWRzXCI6W1wiNDcyZGEzYzMxNmUzZjUyMjg0OWE2OWU0MjNmODU1ZTVkNjViODUyOFwiXX0ifQ\" target=\"_blank\" rel=\"noreferrer noopener\">https:\/\/turunkesayliopisto.fi\/wp-content\/uploads\/2024\/05\/Kokonaisia2025_Abstraktikutsu-1.pdf<\/a><br><br>Lis\u00e4tietoa kongressista ylip\u00e4\u00e4t\u00e4\u00e4n:<br><a href=\"https:\/\/mandrillapp.com\/track\/click\/30726972\/turunkesayliopisto.fi?p=eyJzIjoic1FPbUZXb0FFVGtSZDBxSnh1MmVtUXl0WXJFIiwidiI6MSwicCI6IntcInVcIjozMDcyNjk3MixcInZcIjoxLFwidXJsXCI6XCJodHRwczpcXFwvXFxcL3R1cnVua2VzYXlsaW9waXN0by5maVxcXC9rb2tvbmFpc2lhLWtvaHRhYW1pc2lhLXRlcnZldHVsb2FcXFwvXCIsXCJpZFwiOlwiNDMzNTBmMjY5YWU5NGQ5ZGJmMDBkOTQ3NzNlZGIxOTNcIixcInVybF9pZHNcIjpbXCI5ZmM3MmI1ZmNjZTc3NmM4ZTNmYzAxNzM4MzY1OGM4ZmRiNTcyMzczXCJdfSJ9\" target=\"_blank\" rel=\"noreferrer noopener\">https:\/\/turunkesayliopisto.fi\/kokonaisia-kohtaamisia-tervetuloa\/<\/a><\/p>\n","protected":false},"featured_media":0,"comment_status":"open","ping_status":"closed","template":"","intranet_category":[],"class_list":["post-3914","intranet","type-intranet","status-publish","hentry"],"acf":[],"_links":{"self":[{"href":"https:\/\/www.katyhdistys.fi\/en\/wp-json\/wp\/v2\/intranet\/3914","targetHints":{"allow":["GET"]}}],"collection":[{"href":"https:\/\/www.katyhdistys.fi\/en\/wp-json\/wp\/v2\/intranet"}],"about":[{"href":"https:\/\/www.katyhdistys.fi\/en\/wp-json\/wp\/v2\/types\/intranet"}],"replies":[{"embeddable":true,"href":"https:\/\/www.katyhdistys.fi\/en\/wp-json\/wp\/v2\/comments?post=3914"}],"version-history":[{"count":2,"href":"https:\/\/www.katyhdistys.fi\/en\/wp-json\/wp\/v2\/intranet\/3914\/revisions"}],"predecessor-version":[{"id":3917,"href":"https:\/\/www.katyhdistys.fi\/en\/wp-json\/wp\/v2\/intranet\/3914\/revisions\/3917"}],"wp:attachment":[{"href":"https:\/\/www.katyhdistys.fi\/en\/wp-json\/wp\/v2\/media?parent=3914"}],"wp:term":[{"taxonomy":"intranet_category","embeddable":true,"href":"https:\/\/www.katyhdistys.fi\/en\/wp-json\/wp\/v2\/intranet_category?post=3914"}],"curies":[{"name":"wp","href":"https:\/\/api.w.org\/{rel}","templated":true}]}}